{"id":10381,"date":"2025-12-03T18:16:26","date_gmt":"2025-12-03T18:16:26","guid":{"rendered":"https:\/\/slick-automotive.com\/?post_type=listing&#038;p=10381"},"modified":"2026-03-17T10:12:26","modified_gmt":"2026-03-17T10:12:26","slug":"porsche-964-3-6-turbo","status":"publish","type":"listing","link":"https:\/\/slick-automotive.com\/fr\/vehicule\/porsche-964-3-6-turbo\/","title":{"rendered":"Porsche 964 3.6 Turbo"},"content":{"rendered":"<div>\n<p>La 964 3.6l Turbo est l\u2019une des ic\u00f4nes les plus marquantes de l\u2019histoire de la marque. Produite d\u00e8s 1993, elle repr\u00e9sente l\u2019aboutissement ultime de la g\u00e9n\u00e9ration 964, combinant le charme classique de la 911 \u00e0 l\u2019efficacit\u00e9 moderne des ann\u00e9es 90. Sous son capot se cache un flat-six turbocompress\u00e9 de 3,6 litres d\u00e9veloppant 360 chevaux, une puissance impressionnante, capable d\u2019offrir des acc\u00e9l\u00e9rations foudroyantes et une vitesse de pointe d\u00e9passant les 270 km\/h.<\/p>\n<p>Esth\u00e9tiquement, elle se distingue par ses ailes \u00e9largies, son imposant aileron arri\u00e8re \u201cwhale tail\u201d et ses jantes sp\u00e9cifiques, donnant \u00e0 la voiture une allure \u00e0 la fois agressive et \u00e9l\u00e9gante. Sa sonorit\u00e9 rauque, son caract\u00e8re brutal et son comportement exigeant en font une machine respect\u00e9e, r\u00e9serv\u00e9e \u00e0 ceux qui savent dompter une propulsion turbocompress\u00e9e sans aides \u00e9lectroniques.<\/p>\n<p>Aujourd\u2019hui, la Porsche 964 Turbo 3.6L est une v\u00e9ritable l\u00e9gende recherch\u00e9e par les collectionneurs, symbole d\u2019une \u00e9poque o\u00f9 la performance se vivait sans compromis et o\u00f9 chaque acc\u00e9l\u00e9ration racontait une histoire.<\/p>\n<p>Marque: Porsche<\/p>\n<\/div>\n<div>\n<p>Mod\u00e8le: 911 964 Turbo 3.6<br \/>\nCouleur: Polar Silver Metallic<br \/>\nKM: 186.500<br \/>\nAnn\u00e9e : 01\/1994<\/p>\n<p>Historique:<br \/>\nVoiture allemande &#8211; import\u00e9e en Belgique en 2013<br \/>\n4 propri\u00e9taires<br \/>\nLivrets &#8211; documents et carnet d&rsquo;entretien<br \/>\nDossier complet, factures \u00e0 l&rsquo;appui<br \/>\nMoteur refait totalement par Porsche Bonn \u00e0 176.950 km<\/p>\n<p>Historique d&rsquo;entretien:<br \/>\nPorsche Bonn &#8211; 02\/1995 &#8211; 23.900 km<br \/>\nPorsche Bonn &#8211; 11\/1995 &#8211; 44.000 km<br \/>\nPorsche Bonn &#8211; 08\/1996 &#8211; 65.600 km<br \/>\nPorsche Bonn &#8211; 11\/1996 &#8211; 74.600 km<br \/>\nPorsche Bonn &#8211; 03\/1997 &#8211; 85.300 km<br \/>\nPorsche Bonn &#8211; 07\/1997 &#8211; 94.600 km<br \/>\nPorsche Bonn &#8211; 11\/1997 &#8211; 104.200km<br \/>\nPorsche Bonn &#8211; 07\/1998 &#8211; 113.500 km<br \/>\nPorsche Bonn &#8211; 01\/1999 &#8211; 122.900 km<br \/>\nPorsche Bonn &#8211; 08\/1999 &#8211; 135.000 km<br \/>\nPorsche Bonn &#8211; 03\/2000 &#8211; 145.600 km<br \/>\nPorsche Bonn &#8211; 07\/2001 &#8211; 153.300 km<br \/>\nPorsche Bonn &#8211; 07\/2003 &#8211; 160.600 km<br \/>\nPorsche Bonn &#8211; 06\/2008 &#8211; 171.200 km<br \/>\nPorsche Bonn &#8211; 03\/2011 &#8211; 176.900 km<br \/>\nPorsche Zentrum West Vlaanderen &#8211; 01\/2024 &#8211; 186.500 km<\/p>\n<p>Options:<br \/>\nC00: Version Pays &#8211; Allemagne<br \/>\n407: Jantes 18 pouces<br \/>\n545: R\u00e9servoir 92l<br \/>\n650: Toit ouvrant \u00e9lectrique<br \/>\n935: Cuir souple si\u00e8ges avant<br \/>\n980: Cuir souple si\u00e8ges arri\u00e8re<\/p>\n<\/div>\n","protected":false},"featured_media":10428,"comment_status":"open","ping_status":"closed","template":"","meta":{"inline_featured_image":false,"_links_to":"","_links_to_target":""},"listing_condition":[394],"listing_label":[290],"listing_category":[552],"listing_type":[],"listing_make":[215],"listing_model":[310],"listing_offer_type":[],"listing_drive_type":[396],"listing_transmission":[388],"listing_fuel_type":[382],"listing_cylinder":[362],"listing_color":[],"listing_door":[213],"listing_feature_category":[],"listing_feature":[],"yoast_head":"<!-- This site is optimized with the Yoast SEO plugin v22.9 - https:\/\/yoast.com\/wordpress\/plugins\/seo\/ -->\n<title>Porsche 964 3.6 Turbo - Slick Automotive<\/title>\n<meta name=\"robots\" content=\"noindex, follow\" \/>\n<meta property=\"og:locale\" content=\"fr_FR\" \/>\n<meta property=\"og:type\" content=\"article\" \/>\n<meta property=\"og:title\" content=\"Porsche 964 3.6 Turbo - Slick Automotive\" \/>\n<meta property=\"og:description\" content=\"La 964 3.6l Turbo est l\u2019une des ic\u00f4nes les plus marquantes de l\u2019histoire de la marque. Produite d\u00e8s 1993, elle repr\u00e9sente l\u2019aboutissement ultime de la g\u00e9n\u00e9ration 964, combinant le charme classique de la 911 \u00e0 l\u2019efficacit\u00e9 moderne des ann\u00e9es 90. Sous son capot se cache un flat-six turbocompress\u00e9 de 3,6 litres d\u00e9veloppant 360 chevaux, une [&hellip;]\" \/>\n<meta property=\"og:url\" content=\"https:\/\/slick-automotive.com\/fr\/vehicule\/porsche-964-3-6-turbo\/\" \/>\n<meta property=\"og:site_name\" content=\"Slick Automotive\" \/>\n<meta property=\"article:modified_time\" content=\"2026-03-17T10:12:26+00:00\" \/>\n<meta property=\"og:image\" content=\"https:\/\/slick-automotive.com\/wp-content\/uploads\/2025\/12\/SLICK-01-2-2.jpg\" \/>\n\t<meta property=\"og:image:width\" content=\"2048\" \/>\n\t<meta property=\"og:image:height\" content=\"1280\" \/>\n\t<meta property=\"og:image:type\" content=\"image\/jpeg\" \/>\n<meta name=\"twitter:card\" content=\"summary_large_image\" \/>\n<meta name=\"twitter:label1\" content=\"Dur\u00e9e de lecture estim\u00e9e\" \/>\n\t<meta name=\"twitter:data1\" content=\"2 minutes\" \/>\n<script type=\"application\/ld+json\" class=\"yoast-schema-graph\">{\"@context\":\"https:\/\/schema.org\",\"@graph\":[{\"@type\":\"WebPage\",\"@id\":\"https:\/\/slick-automotive.com\/fr\/vehicule\/porsche-964-3-6-turbo\/\",\"url\":\"https:\/\/slick-automotive.com\/fr\/vehicule\/porsche-964-3-6-turbo\/\",\"name\":\"Porsche 964 3.6 Turbo - Slick Automotive\",\"isPartOf\":{\"@id\":\"https:\/\/slick-automotive.com\/fr\/#website\"},\"primaryImageOfPage\":{\"@id\":\"https:\/\/slick-automotive.com\/fr\/vehicule\/porsche-964-3-6-turbo\/#primaryimage\"},\"image\":{\"@id\":\"https:\/\/slick-automotive.com\/fr\/vehicule\/porsche-964-3-6-turbo\/#primaryimage\"},\"thumbnailUrl\":\"https:\/\/slick-automotive.com\/wp-content\/uploads\/2025\/12\/SLICK-01-2-2.jpg\",\"datePublished\":\"2025-12-03T18:16:26+00:00\",\"dateModified\":\"2026-03-17T10:12:26+00:00\",\"breadcrumb\":{\"@id\":\"https:\/\/slick-automotive.com\/fr\/vehicule\/porsche-964-3-6-turbo\/#breadcrumb\"},\"inLanguage\":\"fr-FR\",\"potentialAction\":[{\"@type\":\"ReadAction\",\"target\":[\"https:\/\/slick-automotive.com\/fr\/vehicule\/porsche-964-3-6-turbo\/\"]}]},{\"@type\":\"ImageObject\",\"inLanguage\":\"fr-FR\",\"@id\":\"https:\/\/slick-automotive.com\/fr\/vehicule\/porsche-964-3-6-turbo\/#primaryimage\",\"url\":\"https:\/\/slick-automotive.com\/wp-content\/uploads\/2025\/12\/SLICK-01-2-2.jpg\",\"contentUrl\":\"https:\/\/slick-automotive.com\/wp-content\/uploads\/2025\/12\/SLICK-01-2-2.jpg\",\"width\":2048,\"height\":1280},{\"@type\":\"BreadcrumbList\",\"@id\":\"https:\/\/slick-automotive.com\/fr\/vehicule\/porsche-964-3-6-turbo\/#breadcrumb\",\"itemListElement\":[{\"@type\":\"ListItem\",\"position\":1,\"name\":\"Accueil\",\"item\":\"https:\/\/slick-automotive.com\/fr\/\"},{\"@type\":\"ListItem\",\"position\":2,\"name\":\"Listings\",\"item\":\"https:\/\/slick-automotive.com\/fr\/vehicules\/\"},{\"@type\":\"ListItem\",\"position\":3,\"name\":\"Porsche 964 3.6 Turbo\"}]},{\"@type\":\"WebSite\",\"@id\":\"https:\/\/slick-automotive.com\/fr\/#website\",\"url\":\"https:\/\/slick-automotive.com\/fr\/\",\"name\":\"Slick Automotive\",\"description\":\"\",\"potentialAction\":[{\"@type\":\"SearchAction\",\"target\":{\"@type\":\"EntryPoint\",\"urlTemplate\":\"https:\/\/slick-automotive.com\/fr\/?s={search_term_string}\"},\"query-input\":\"required name=search_term_string\"}],\"inLanguage\":\"fr-FR\"}]}<\/script>\n<!-- \/ Yoast SEO plugin. -->","yoast_head_json":{"title":"Porsche 964 3.6 Turbo - Slick Automotive","robots":{"index":"noindex","follow":"follow"},"og_locale":"fr_FR","og_type":"article","og_title":"Porsche 964 3.6 Turbo - Slick Automotive","og_description":"La 964 3.6l Turbo est l\u2019une des ic\u00f4nes les plus marquantes de l\u2019histoire de la marque. Produite d\u00e8s 1993, elle repr\u00e9sente l\u2019aboutissement ultime de la g\u00e9n\u00e9ration 964, combinant le charme classique de la 911 \u00e0 l\u2019efficacit\u00e9 moderne des ann\u00e9es 90. Sous son capot se cache un flat-six turbocompress\u00e9 de 3,6 litres d\u00e9veloppant 360 chevaux, une [&hellip;]","og_url":"https:\/\/slick-automotive.com\/fr\/vehicule\/porsche-964-3-6-turbo\/","og_site_name":"Slick Automotive","article_modified_time":"2026-03-17T10:12:26+00:00","og_image":[{"width":2048,"height":1280,"url":"https:\/\/slick-automotive.com\/wp-content\/uploads\/2025\/12\/SLICK-01-2-2.jpg","type":"image\/jpeg"}],"twitter_card":"summary_large_image","twitter_misc":{"Dur\u00e9e de lecture estim\u00e9e":"2 minutes"},"schema":{"@context":"https:\/\/schema.org","@graph":[{"@type":"WebPage","@id":"https:\/\/slick-automotive.com\/fr\/vehicule\/porsche-964-3-6-turbo\/","url":"https:\/\/slick-automotive.com\/fr\/vehicule\/porsche-964-3-6-turbo\/","name":"Porsche 964 3.6 Turbo - Slick Automotive","isPartOf":{"@id":"https:\/\/slick-automotive.com\/fr\/#website"},"primaryImageOfPage":{"@id":"https:\/\/slick-automotive.com\/fr\/vehicule\/porsche-964-3-6-turbo\/#primaryimage"},"image":{"@id":"https:\/\/slick-automotive.com\/fr\/vehicule\/porsche-964-3-6-turbo\/#primaryimage"},"thumbnailUrl":"https:\/\/slick-automotive.com\/wp-content\/uploads\/2025\/12\/SLICK-01-2-2.jpg","datePublished":"2025-12-03T18:16:26+00:00","dateModified":"2026-03-17T10:12:26+00:00","breadcrumb":{"@id":"https:\/\/slick-automotive.com\/fr\/vehicule\/porsche-964-3-6-turbo\/#breadcrumb"},"inLanguage":"fr-FR","potentialAction":[{"@type":"ReadAction","target":["https:\/\/slick-automotive.com\/fr\/vehicule\/porsche-964-3-6-turbo\/"]}]},{"@type":"ImageObject","inLanguage":"fr-FR","@id":"https:\/\/slick-automotive.com\/fr\/vehicule\/porsche-964-3-6-turbo\/#primaryimage","url":"https:\/\/slick-automotive.com\/wp-content\/uploads\/2025\/12\/SLICK-01-2-2.jpg","contentUrl":"https:\/\/slick-automotive.com\/wp-content\/uploads\/2025\/12\/SLICK-01-2-2.jpg","width":2048,"height":1280},{"@type":"BreadcrumbList","@id":"https:\/\/slick-automotive.com\/fr\/vehicule\/porsche-964-3-6-turbo\/#breadcrumb","itemListElement":[{"@type":"ListItem","position":1,"name":"Accueil","item":"https:\/\/slick-automotive.com\/fr\/"},{"@type":"ListItem","position":2,"name":"Listings","item":"https:\/\/slick-automotive.com\/fr\/vehicules\/"},{"@type":"ListItem","position":3,"name":"Porsche 964 3.6 Turbo"}]},{"@type":"WebSite","@id":"https:\/\/slick-automotive.com\/fr\/#website","url":"https:\/\/slick-automotive.com\/fr\/","name":"Slick Automotive","description":"","potentialAction":[{"@type":"SearchAction","target":{"@type":"EntryPoint","urlTemplate":"https:\/\/slick-automotive.com\/fr\/?s={search_term_string}"},"query-input":"required name=search_term_string"}],"inLanguage":"fr-FR"}]}},"_links":{"self":[{"href":"https:\/\/slick-automotive.com\/fr\/wp-json\/wp\/v2\/listing\/10381"}],"collection":[{"href":"https:\/\/slick-automotive.com\/fr\/wp-json\/wp\/v2\/listing"}],"about":[{"href":"https:\/\/slick-automotive.com\/fr\/wp-json\/wp\/v2\/types\/listing"}],"replies":[{"embeddable":true,"href":"https:\/\/slick-automotive.com\/fr\/wp-json\/wp\/v2\/comments?post=10381"}],"wp:featuredmedia":[{"embeddable":true,"href":"https:\/\/slick-automotive.com\/fr\/wp-json\/wp\/v2\/media\/10428"}],"wp:attachment":[{"href":"https:\/\/slick-automotive.com\/fr\/wp-json\/wp\/v2\/media?parent=10381"}],"wp:term":[{"taxonomy":"listing_condition","embeddable":true,"href":"https:\/\/slick-automotive.com\/fr\/wp-json\/wp\/v2\/listing_condition?post=10381"},{"taxonomy":"listing_label","embeddable":true,"href":"https:\/\/slick-automotive.com\/fr\/wp-json\/wp\/v2\/listing_label?post=10381"},{"taxonomy":"listing_category","embeddable":true,"href":"https:\/\/slick-automotive.com\/fr\/wp-json\/wp\/v2\/listing_category?post=10381"},{"taxonomy":"listing_type","embeddable":true,"href":"https:\/\/slick-automotive.com\/fr\/wp-json\/wp\/v2\/listing_type?post=10381"},{"taxonomy":"listing_make","embeddable":true,"href":"https:\/\/slick-automotive.com\/fr\/wp-json\/wp\/v2\/listing_make?post=10381"},{"taxonomy":"listing_model","embeddable":true,"href":"https:\/\/slick-automotive.com\/fr\/wp-json\/wp\/v2\/listing_model?post=10381"},{"taxonomy":"listing_offer_type","embeddable":true,"href":"https:\/\/slick-automotive.com\/fr\/wp-json\/wp\/v2\/listing_offer_type?post=10381"},{"taxonomy":"listing_drive_type","embeddable":true,"href":"https:\/\/slick-automotive.com\/fr\/wp-json\/wp\/v2\/listing_drive_type?post=10381"},{"taxonomy":"listing_transmission","embeddable":true,"href":"https:\/\/slick-automotive.com\/fr\/wp-json\/wp\/v2\/listing_transmission?post=10381"},{"taxonomy":"listing_fuel_type","embeddable":true,"href":"https:\/\/slick-automotive.com\/fr\/wp-json\/wp\/v2\/listing_fuel_type?post=10381"},{"taxonomy":"listing_cylinder","embeddable":true,"href":"https:\/\/slick-automotive.com\/fr\/wp-json\/wp\/v2\/listing_cylinder?post=10381"},{"taxonomy":"listing_color","embeddable":true,"href":"https:\/\/slick-automotive.com\/fr\/wp-json\/wp\/v2\/listing_color?post=10381"},{"taxonomy":"listing_door","embeddable":true,"href":"https:\/\/slick-automotive.com\/fr\/wp-json\/wp\/v2\/listing_door?post=10381"},{"taxonomy":"listing_feature_category","embeddable":true,"href":"https:\/\/slick-automotive.com\/fr\/wp-json\/wp\/v2\/listing_feature_category?post=10381"},{"taxonomy":"listing_feature","embeddable":true,"href":"https:\/\/slick-automotive.com\/fr\/wp-json\/wp\/v2\/listing_feature?post=10381"}],"curies":[{"name":"wp","href":"https:\/\/api.w.org\/{rel}","templated":true}]}}