{"id":9353,"date":"2025-01-02T16:42:24","date_gmt":"2025-01-02T16:42:24","guid":{"rendered":"https:\/\/slick-automotive.com\/vehicule\/porsche-997-gts\/"},"modified":"2025-10-03T11:57:23","modified_gmt":"2025-10-03T11:57:23","slug":"porsche-997-gts","status":"publish","type":"listing","link":"https:\/\/slick-automotive.com\/fr\/vehicule\/porsche-997-gts\/","title":{"rendered":"Porsche 997 Carrera GTS"},"content":{"rendered":"<p style=\"font-weight: 400;\">Un collector, un jouet, un daily\u2026 et pourquoi pas les 3? Cette 997 GTS est un vrai couteau suisse, confortable \u00e0 souhait, dot\u00e9e d\u2019un fabuleux flat 6 de 400 chevaux emprunt\u00e9 \u00e0 la Carrera S, on prend un plaisir fou derri\u00e8re le volant, peu importe l\u2019usage qu\u2019on en a. Dans sa finition GTS, cette 997 est \u00e9quip\u00e9e des si\u00e8ges Alcantara, des jantes 19 pouces avec \u00e9crou central et de nombreuses autres options! Pour aller cruiser fen\u00eatres baiss\u00e9es se laissant envouter par le chant du m\u00e9lodieux 3.8l, ou pour aller jouer des palettes sur des petites routes, la GTS vient clot\u00fbrer la s\u00e9rie 997 de la meilleure des fa\u00e7ons.<\/p>\n<p style=\"font-weight: 400;\">Marque: Porsche<br \/>\nMod\u00e8le: 911 997 Carrera GTS<br \/>\nCouleur: Noir Basalt M\u00e9tallis\u00e9<br \/>\nKilom\u00e9trage: 82.200 km<br \/>\nPMC: 02\/2011<\/p>\n<p>Historique:<br \/>\nVoiture fran\u00e7aise<br \/>\nSuivi limpide<br \/>\n2\u00e8me main<br \/>\nEntretenue par Porsche et sp\u00e9cialistes<br \/>\nPas d&rsquo;historique d&rsquo;accident connu<br \/>\nNon fumeur<\/p>\n<p>Options:<br \/>\n78 Int\u00e9rieur tout cuir noir, si\u00e8ge cuir et alcantara<br \/>\nZ4 Noir basalt m\u00e9tallis\u00e9<br \/>\n082 R\u00e9servoir 90L<br \/>\n220 Diff\u00e9rential arri\u00e8re \u00e0 glissement limit\u00e9<br \/>\n250 Boite vitesse PDK<br \/>\n422 Jantes RS Spyder 19 pouces avec \u00e9crou central<br \/>\n454 R\u00e9gulateur de vitesse<br \/>\n482 Syst\u00e8me de controle de la pression des pneus<br \/>\n514 Bandes lat\u00e9rales \u00ab\u00a0carrera GTS\u00a0\u00bb et monogramme arri\u00e8re couleur argent<br \/>\n567 Pare brise teint\u00e9 d\u00e9grad\u00e9<br \/>\n603 Phares directionnels<br \/>\n635 Assistance parking arri\u00e8re<br \/>\n640 Pack sport chrono plus<br \/>\n650 Toit coulissant, relevable \u00e9lectrique<br \/>\n666 Module t\u00e9l\u00e9phone pour PCM<br \/>\n672 Module de navigation<br \/>\n685 Banquette arri\u00e8re<br \/>\n712 Suppression du lettrage \u00ab\u00a0Carrera GTS\u00a0\u00bb<br \/>\n810 Tapis de sol<br \/>\n870 Interface audi universelle<br \/>\n900 Enl\u00e8vement \u00e0 l&rsquo;usine<br \/>\nP12 Retroviseurs int\u00e9rieur et ext\u00e9rieurs anti-\u00e9blouissement avec capteur de pluie<br \/>\nP77 Si\u00e8ges sport<\/p>\n","protected":false},"featured_media":9084,"comment_status":"open","ping_status":"closed","template":"","meta":{"inline_featured_image":false,"_links_to":"","_links_to_target":""},"listing_condition":[394],"listing_label":[293],"listing_category":[545],"listing_type":[],"listing_make":[215],"listing_model":[310],"listing_offer_type":[],"listing_drive_type":[396],"listing_transmission":[297],"listing_fuel_type":[382],"listing_cylinder":[362],"listing_color":[383],"listing_door":[],"listing_feature_category":[],"listing_feature":[],"yoast_head":"<!-- This site is optimized with the Yoast SEO plugin v22.9 - https:\/\/yoast.com\/wordpress\/plugins\/seo\/ -->\n<title>Porsche 997 Carrera GTS - Slick Automotive<\/title>\n<meta name=\"robots\" content=\"noindex, follow\" \/>\n<meta property=\"og:locale\" content=\"fr_FR\" \/>\n<meta property=\"og:type\" content=\"article\" \/>\n<meta property=\"og:title\" content=\"Porsche 997 Carrera GTS - Slick Automotive\" \/>\n<meta property=\"og:description\" content=\"Un collector, un jouet, un daily\u2026 et pourquoi pas les 3? Cette 997 GTS est un vrai couteau suisse, confortable \u00e0 souhait, dot\u00e9e d\u2019un fabuleux flat 6 de 400 chevaux emprunt\u00e9 \u00e0 la Carrera S, on prend un plaisir fou derri\u00e8re le volant, peu importe l\u2019usage qu\u2019on en a. Dans sa finition GTS, cette 997 [&hellip;]\" \/>\n<meta property=\"og:url\" content=\"https:\/\/slick-automotive.com\/fr\/vehicule\/porsche-997-gts\/\" \/>\n<meta property=\"og:site_name\" content=\"Slick Automotive\" \/>\n<meta property=\"article:modified_time\" content=\"2025-10-03T11:57:23+00:00\" \/>\n<meta property=\"og:image\" content=\"https:\/\/slick-automotive.com\/wp-content\/uploads\/2025\/01\/SLICK-02.jpg\" \/>\n\t<meta property=\"og:image:width\" content=\"2048\" \/>\n\t<meta property=\"og:image:height\" content=\"1280\" \/>\n\t<meta property=\"og:image:type\" content=\"image\/jpeg\" \/>\n<meta name=\"twitter:card\" content=\"summary_large_image\" \/>\n<meta name=\"twitter:label1\" content=\"Dur\u00e9e de lecture estim\u00e9e\" \/>\n\t<meta name=\"twitter:data1\" content=\"2 minutes\" \/>\n<script type=\"application\/ld+json\" class=\"yoast-schema-graph\">{\"@context\":\"https:\/\/schema.org\",\"@graph\":[{\"@type\":\"WebPage\",\"@id\":\"https:\/\/slick-automotive.com\/fr\/vehicule\/porsche-997-gts\/\",\"url\":\"https:\/\/slick-automotive.com\/fr\/vehicule\/porsche-997-gts\/\",\"name\":\"Porsche 997 Carrera GTS - Slick Automotive\",\"isPartOf\":{\"@id\":\"https:\/\/slick-automotive.com\/fr\/#website\"},\"primaryImageOfPage\":{\"@id\":\"https:\/\/slick-automotive.com\/fr\/vehicule\/porsche-997-gts\/#primaryimage\"},\"image\":{\"@id\":\"https:\/\/slick-automotive.com\/fr\/vehicule\/porsche-997-gts\/#primaryimage\"},\"thumbnailUrl\":\"https:\/\/slick-automotive.com\/wp-content\/uploads\/2025\/01\/SLICK-02.jpg\",\"datePublished\":\"2025-01-02T16:42:24+00:00\",\"dateModified\":\"2025-10-03T11:57:23+00:00\",\"breadcrumb\":{\"@id\":\"https:\/\/slick-automotive.com\/fr\/vehicule\/porsche-997-gts\/#breadcrumb\"},\"inLanguage\":\"fr-FR\",\"potentialAction\":[{\"@type\":\"ReadAction\",\"target\":[\"https:\/\/slick-automotive.com\/fr\/vehicule\/porsche-997-gts\/\"]}]},{\"@type\":\"ImageObject\",\"inLanguage\":\"fr-FR\",\"@id\":\"https:\/\/slick-automotive.com\/fr\/vehicule\/porsche-997-gts\/#primaryimage\",\"url\":\"https:\/\/slick-automotive.com\/wp-content\/uploads\/2025\/01\/SLICK-02.jpg\",\"contentUrl\":\"https:\/\/slick-automotive.com\/wp-content\/uploads\/2025\/01\/SLICK-02.jpg\",\"width\":2048,\"height\":1280},{\"@type\":\"BreadcrumbList\",\"@id\":\"https:\/\/slick-automotive.com\/fr\/vehicule\/porsche-997-gts\/#breadcrumb\",\"itemListElement\":[{\"@type\":\"ListItem\",\"position\":1,\"name\":\"Accueil\",\"item\":\"https:\/\/slick-automotive.com\/fr\/\"},{\"@type\":\"ListItem\",\"position\":2,\"name\":\"Listings\",\"item\":\"https:\/\/slick-automotive.com\/fr\/vehicules\/\"},{\"@type\":\"ListItem\",\"position\":3,\"name\":\"Porsche 997 Carrera GTS\"}]},{\"@type\":\"WebSite\",\"@id\":\"https:\/\/slick-automotive.com\/fr\/#website\",\"url\":\"https:\/\/slick-automotive.com\/fr\/\",\"name\":\"Slick Automotive\",\"description\":\"\",\"potentialAction\":[{\"@type\":\"SearchAction\",\"target\":{\"@type\":\"EntryPoint\",\"urlTemplate\":\"https:\/\/slick-automotive.com\/fr\/?s={search_term_string}\"},\"query-input\":\"required name=search_term_string\"}],\"inLanguage\":\"fr-FR\"}]}<\/script>\n<!-- \/ Yoast SEO plugin. -->","yoast_head_json":{"title":"Porsche 997 Carrera GTS - Slick Automotive","robots":{"index":"noindex","follow":"follow"},"og_locale":"fr_FR","og_type":"article","og_title":"Porsche 997 Carrera GTS - Slick Automotive","og_description":"Un collector, un jouet, un daily\u2026 et pourquoi pas les 3? Cette 997 GTS est un vrai couteau suisse, confortable \u00e0 souhait, dot\u00e9e d\u2019un fabuleux flat 6 de 400 chevaux emprunt\u00e9 \u00e0 la Carrera S, on prend un plaisir fou derri\u00e8re le volant, peu importe l\u2019usage qu\u2019on en a. Dans sa finition GTS, cette 997 [&hellip;]","og_url":"https:\/\/slick-automotive.com\/fr\/vehicule\/porsche-997-gts\/","og_site_name":"Slick Automotive","article_modified_time":"2025-10-03T11:57:23+00:00","og_image":[{"width":2048,"height":1280,"url":"https:\/\/slick-automotive.com\/wp-content\/uploads\/2025\/01\/SLICK-02.jpg","type":"image\/jpeg"}],"twitter_card":"summary_large_image","twitter_misc":{"Dur\u00e9e de lecture estim\u00e9e":"2 minutes"},"schema":{"@context":"https:\/\/schema.org","@graph":[{"@type":"WebPage","@id":"https:\/\/slick-automotive.com\/fr\/vehicule\/porsche-997-gts\/","url":"https:\/\/slick-automotive.com\/fr\/vehicule\/porsche-997-gts\/","name":"Porsche 997 Carrera GTS - Slick Automotive","isPartOf":{"@id":"https:\/\/slick-automotive.com\/fr\/#website"},"primaryImageOfPage":{"@id":"https:\/\/slick-automotive.com\/fr\/vehicule\/porsche-997-gts\/#primaryimage"},"image":{"@id":"https:\/\/slick-automotive.com\/fr\/vehicule\/porsche-997-gts\/#primaryimage"},"thumbnailUrl":"https:\/\/slick-automotive.com\/wp-content\/uploads\/2025\/01\/SLICK-02.jpg","datePublished":"2025-01-02T16:42:24+00:00","dateModified":"2025-10-03T11:57:23+00:00","breadcrumb":{"@id":"https:\/\/slick-automotive.com\/fr\/vehicule\/porsche-997-gts\/#breadcrumb"},"inLanguage":"fr-FR","potentialAction":[{"@type":"ReadAction","target":["https:\/\/slick-automotive.com\/fr\/vehicule\/porsche-997-gts\/"]}]},{"@type":"ImageObject","inLanguage":"fr-FR","@id":"https:\/\/slick-automotive.com\/fr\/vehicule\/porsche-997-gts\/#primaryimage","url":"https:\/\/slick-automotive.com\/wp-content\/uploads\/2025\/01\/SLICK-02.jpg","contentUrl":"https:\/\/slick-automotive.com\/wp-content\/uploads\/2025\/01\/SLICK-02.jpg","width":2048,"height":1280},{"@type":"BreadcrumbList","@id":"https:\/\/slick-automotive.com\/fr\/vehicule\/porsche-997-gts\/#breadcrumb","itemListElement":[{"@type":"ListItem","position":1,"name":"Accueil","item":"https:\/\/slick-automotive.com\/fr\/"},{"@type":"ListItem","position":2,"name":"Listings","item":"https:\/\/slick-automotive.com\/fr\/vehicules\/"},{"@type":"ListItem","position":3,"name":"Porsche 997 Carrera GTS"}]},{"@type":"WebSite","@id":"https:\/\/slick-automotive.com\/fr\/#website","url":"https:\/\/slick-automotive.com\/fr\/","name":"Slick Automotive","description":"","potentialAction":[{"@type":"SearchAction","target":{"@type":"EntryPoint","urlTemplate":"https:\/\/slick-automotive.com\/fr\/?s={search_term_string}"},"query-input":"required name=search_term_string"}],"inLanguage":"fr-FR"}]}},"_links":{"self":[{"href":"https:\/\/slick-automotive.com\/fr\/wp-json\/wp\/v2\/listing\/9353"}],"collection":[{"href":"https:\/\/slick-automotive.com\/fr\/wp-json\/wp\/v2\/listing"}],"about":[{"href":"https:\/\/slick-automotive.com\/fr\/wp-json\/wp\/v2\/types\/listing"}],"replies":[{"embeddable":true,"href":"https:\/\/slick-automotive.com\/fr\/wp-json\/wp\/v2\/comments?post=9353"}],"wp:featuredmedia":[{"embeddable":true,"href":"https:\/\/slick-automotive.com\/fr\/wp-json\/wp\/v2\/media\/9084"}],"wp:attachment":[{"href":"https:\/\/slick-automotive.com\/fr\/wp-json\/wp\/v2\/media?parent=9353"}],"wp:term":[{"taxonomy":"listing_condition","embeddable":true,"href":"https:\/\/slick-automotive.com\/fr\/wp-json\/wp\/v2\/listing_condition?post=9353"},{"taxonomy":"listing_label","embeddable":true,"href":"https:\/\/slick-automotive.com\/fr\/wp-json\/wp\/v2\/listing_label?post=9353"},{"taxonomy":"listing_category","embeddable":true,"href":"https:\/\/slick-automotive.com\/fr\/wp-json\/wp\/v2\/listing_category?post=9353"},{"taxonomy":"listing_type","embeddable":true,"href":"https:\/\/slick-automotive.com\/fr\/wp-json\/wp\/v2\/listing_type?post=9353"},{"taxonomy":"listing_make","embeddable":true,"href":"https:\/\/slick-automotive.com\/fr\/wp-json\/wp\/v2\/listing_make?post=9353"},{"taxonomy":"listing_model","embeddable":true,"href":"https:\/\/slick-automotive.com\/fr\/wp-json\/wp\/v2\/listing_model?post=9353"},{"taxonomy":"listing_offer_type","embeddable":true,"href":"https:\/\/slick-automotive.com\/fr\/wp-json\/wp\/v2\/listing_offer_type?post=9353"},{"taxonomy":"listing_drive_type","embeddable":true,"href":"https:\/\/slick-automotive.com\/fr\/wp-json\/wp\/v2\/listing_drive_type?post=9353"},{"taxonomy":"listing_transmission","embeddable":true,"href":"https:\/\/slick-automotive.com\/fr\/wp-json\/wp\/v2\/listing_transmission?post=9353"},{"taxonomy":"listing_fuel_type","embeddable":true,"href":"https:\/\/slick-automotive.com\/fr\/wp-json\/wp\/v2\/listing_fuel_type?post=9353"},{"taxonomy":"listing_cylinder","embeddable":true,"href":"https:\/\/slick-automotive.com\/fr\/wp-json\/wp\/v2\/listing_cylinder?post=9353"},{"taxonomy":"listing_color","embeddable":true,"href":"https:\/\/slick-automotive.com\/fr\/wp-json\/wp\/v2\/listing_color?post=9353"},{"taxonomy":"listing_door","embeddable":true,"href":"https:\/\/slick-automotive.com\/fr\/wp-json\/wp\/v2\/listing_door?post=9353"},{"taxonomy":"listing_feature_category","embeddable":true,"href":"https:\/\/slick-automotive.com\/fr\/wp-json\/wp\/v2\/listing_feature_category?post=9353"},{"taxonomy":"listing_feature","embeddable":true,"href":"https:\/\/slick-automotive.com\/fr\/wp-json\/wp\/v2\/listing_feature?post=9353"}],"curies":[{"name":"wp","href":"https:\/\/api.w.org\/{rel}","templated":true}]}}