{"id":9831,"date":"2025-04-18T09:05:04","date_gmt":"2025-04-18T09:05:04","guid":{"rendered":"https:\/\/slick-automotive.com\/?post_type=listing&#038;p=9831"},"modified":"2025-10-03T11:48:07","modified_gmt":"2025-10-03T11:48:07","slug":"porsche-993-c2-cab","status":"publish","type":"listing","link":"https:\/\/slick-automotive.com\/fr\/vehicule\/porsche-993-c2-cab\/","title":{"rendered":"Porsche 993 C2"},"content":{"rendered":"<p style=\"font-weight: 400;\">La Porsche 993 Carrera 2 Cabriolet est un classique, repr\u00e9sentant le dernier chapitre de l\u2019\u00e8re des moteurs refroidis par air de Porsche. Avec son moteur flat-six de 3,6 litres, elle offre une exp\u00e9rience de conduite pure et engageante. Son design est \u00e9l\u00e9gant et intemporel, accompagn\u00e9 d\u2019une capote souple qui se replie en un instant pour des sensations \u00e0 ciel ouvert. Un rare m\u00e9lange de charme intemporel, de performances et de praticit\u00e9.<\/p>\n<p style=\"font-weight: 400;\">Marque\u00a0: Porsche<br \/>\nMod\u00e8le\u00a0: 911 993 C2 Cabriolet<br \/>\nCouleur\u00a0: Polar silver<br \/>\nKM\u00a0: 124.673<br \/>\nAnn\u00e9e\u00a0: 05\/1994<\/p>\n<p style=\"font-weight: 400;\">Historique\u00a0:<br \/>\nPas d\u2019historique d\u2019accident<br \/>\nTous les papiers et carnets<\/p>\n<p style=\"font-weight: 400;\">Options\u00a0:<br \/>\n139 : Si\u00e8ge chauffant, \u00e0 gauche<br \/>\n340 : Si\u00e8ge chauffant, droit<br \/>\n334 : Cassette-radio Blaupunkt Bremen RCM 43<br \/>\n398 : 17\u2019\u2019 roues<br \/>\n551 : Pare-vent<br \/>\n573 : Climatisation<br \/>\n659 : Ordinateur de bord<\/p>\n","protected":false},"featured_media":9832,"comment_status":"open","ping_status":"closed","template":"","meta":{"inline_featured_image":false,"_links_to":"","_links_to_target":""},"listing_condition":[394],"listing_label":[293],"listing_category":[545],"listing_type":[],"listing_make":[215],"listing_model":[310],"listing_offer_type":[],"listing_drive_type":[396],"listing_transmission":[388],"listing_fuel_type":[382],"listing_cylinder":[362],"listing_color":[],"listing_door":[213],"listing_feature_category":[],"listing_feature":[],"yoast_head":"<!-- This site is optimized with the Yoast SEO plugin v22.9 - https:\/\/yoast.com\/wordpress\/plugins\/seo\/ -->\n<title>Porsche 993 C2 - Slick Automotive<\/title>\n<meta name=\"robots\" content=\"noindex, follow\" \/>\n<meta property=\"og:locale\" content=\"fr_FR\" \/>\n<meta property=\"og:type\" content=\"article\" \/>\n<meta property=\"og:title\" content=\"Porsche 993 C2 - Slick Automotive\" \/>\n<meta property=\"og:description\" content=\"La Porsche 993 Carrera 2 Cabriolet est un classique, repr\u00e9sentant le dernier chapitre de l\u2019\u00e8re des moteurs refroidis par air de Porsche. Avec son moteur flat-six de 3,6 litres, elle offre une exp\u00e9rience de conduite pure et engageante. Son design est \u00e9l\u00e9gant et intemporel, accompagn\u00e9 d\u2019une capote souple qui se replie en un instant pour [&hellip;]\" \/>\n<meta property=\"og:url\" content=\"https:\/\/slick-automotive.com\/fr\/vehicule\/porsche-993-c2-cab\/\" \/>\n<meta property=\"og:site_name\" content=\"Slick Automotive\" \/>\n<meta property=\"article:modified_time\" content=\"2025-10-03T11:48:07+00:00\" \/>\n<meta property=\"og:image\" content=\"https:\/\/slick-automotive.com\/wp-content\/uploads\/2025\/04\/DSC01047.jpg\" \/>\n\t<meta property=\"og:image:width\" content=\"2048\" \/>\n\t<meta property=\"og:image:height\" content=\"1280\" \/>\n\t<meta property=\"og:image:type\" content=\"image\/jpeg\" \/>\n<meta name=\"twitter:card\" content=\"summary_large_image\" \/>\n<meta name=\"twitter:label1\" content=\"Dur\u00e9e de lecture estim\u00e9e\" \/>\n\t<meta name=\"twitter:data1\" content=\"1 minute\" \/>\n<script type=\"application\/ld+json\" class=\"yoast-schema-graph\">{\"@context\":\"https:\/\/schema.org\",\"@graph\":[{\"@type\":\"WebPage\",\"@id\":\"https:\/\/slick-automotive.com\/fr\/vehicule\/porsche-993-c2-cab\/\",\"url\":\"https:\/\/slick-automotive.com\/fr\/vehicule\/porsche-993-c2-cab\/\",\"name\":\"Porsche 993 C2 - Slick Automotive\",\"isPartOf\":{\"@id\":\"https:\/\/slick-automotive.com\/fr\/#website\"},\"primaryImageOfPage\":{\"@id\":\"https:\/\/slick-automotive.com\/fr\/vehicule\/porsche-993-c2-cab\/#primaryimage\"},\"image\":{\"@id\":\"https:\/\/slick-automotive.com\/fr\/vehicule\/porsche-993-c2-cab\/#primaryimage\"},\"thumbnailUrl\":\"https:\/\/slick-automotive.com\/wp-content\/uploads\/2025\/04\/DSC01047.jpg\",\"datePublished\":\"2025-04-18T09:05:04+00:00\",\"dateModified\":\"2025-10-03T11:48:07+00:00\",\"breadcrumb\":{\"@id\":\"https:\/\/slick-automotive.com\/fr\/vehicule\/porsche-993-c2-cab\/#breadcrumb\"},\"inLanguage\":\"fr-FR\",\"potentialAction\":[{\"@type\":\"ReadAction\",\"target\":[\"https:\/\/slick-automotive.com\/fr\/vehicule\/porsche-993-c2-cab\/\"]}]},{\"@type\":\"ImageObject\",\"inLanguage\":\"fr-FR\",\"@id\":\"https:\/\/slick-automotive.com\/fr\/vehicule\/porsche-993-c2-cab\/#primaryimage\",\"url\":\"https:\/\/slick-automotive.com\/wp-content\/uploads\/2025\/04\/DSC01047.jpg\",\"contentUrl\":\"https:\/\/slick-automotive.com\/wp-content\/uploads\/2025\/04\/DSC01047.jpg\",\"width\":2048,\"height\":1280},{\"@type\":\"BreadcrumbList\",\"@id\":\"https:\/\/slick-automotive.com\/fr\/vehicule\/porsche-993-c2-cab\/#breadcrumb\",\"itemListElement\":[{\"@type\":\"ListItem\",\"position\":1,\"name\":\"Accueil\",\"item\":\"https:\/\/slick-automotive.com\/fr\/\"},{\"@type\":\"ListItem\",\"position\":2,\"name\":\"Listings\",\"item\":\"https:\/\/slick-automotive.com\/fr\/vehicules\/\"},{\"@type\":\"ListItem\",\"position\":3,\"name\":\"Porsche 993 C2\"}]},{\"@type\":\"WebSite\",\"@id\":\"https:\/\/slick-automotive.com\/fr\/#website\",\"url\":\"https:\/\/slick-automotive.com\/fr\/\",\"name\":\"Slick Automotive\",\"description\":\"\",\"potentialAction\":[{\"@type\":\"SearchAction\",\"target\":{\"@type\":\"EntryPoint\",\"urlTemplate\":\"https:\/\/slick-automotive.com\/fr\/?s={search_term_string}\"},\"query-input\":\"required name=search_term_string\"}],\"inLanguage\":\"fr-FR\"}]}<\/script>\n<!-- \/ Yoast SEO plugin. -->","yoast_head_json":{"title":"Porsche 993 C2 - Slick Automotive","robots":{"index":"noindex","follow":"follow"},"og_locale":"fr_FR","og_type":"article","og_title":"Porsche 993 C2 - Slick Automotive","og_description":"La Porsche 993 Carrera 2 Cabriolet est un classique, repr\u00e9sentant le dernier chapitre de l\u2019\u00e8re des moteurs refroidis par air de Porsche. Avec son moteur flat-six de 3,6 litres, elle offre une exp\u00e9rience de conduite pure et engageante. Son design est \u00e9l\u00e9gant et intemporel, accompagn\u00e9 d\u2019une capote souple qui se replie en un instant pour [&hellip;]","og_url":"https:\/\/slick-automotive.com\/fr\/vehicule\/porsche-993-c2-cab\/","og_site_name":"Slick Automotive","article_modified_time":"2025-10-03T11:48:07+00:00","og_image":[{"width":2048,"height":1280,"url":"https:\/\/slick-automotive.com\/wp-content\/uploads\/2025\/04\/DSC01047.jpg","type":"image\/jpeg"}],"twitter_card":"summary_large_image","twitter_misc":{"Dur\u00e9e de lecture estim\u00e9e":"1 minute"},"schema":{"@context":"https:\/\/schema.org","@graph":[{"@type":"WebPage","@id":"https:\/\/slick-automotive.com\/fr\/vehicule\/porsche-993-c2-cab\/","url":"https:\/\/slick-automotive.com\/fr\/vehicule\/porsche-993-c2-cab\/","name":"Porsche 993 C2 - Slick Automotive","isPartOf":{"@id":"https:\/\/slick-automotive.com\/fr\/#website"},"primaryImageOfPage":{"@id":"https:\/\/slick-automotive.com\/fr\/vehicule\/porsche-993-c2-cab\/#primaryimage"},"image":{"@id":"https:\/\/slick-automotive.com\/fr\/vehicule\/porsche-993-c2-cab\/#primaryimage"},"thumbnailUrl":"https:\/\/slick-automotive.com\/wp-content\/uploads\/2025\/04\/DSC01047.jpg","datePublished":"2025-04-18T09:05:04+00:00","dateModified":"2025-10-03T11:48:07+00:00","breadcrumb":{"@id":"https:\/\/slick-automotive.com\/fr\/vehicule\/porsche-993-c2-cab\/#breadcrumb"},"inLanguage":"fr-FR","potentialAction":[{"@type":"ReadAction","target":["https:\/\/slick-automotive.com\/fr\/vehicule\/porsche-993-c2-cab\/"]}]},{"@type":"ImageObject","inLanguage":"fr-FR","@id":"https:\/\/slick-automotive.com\/fr\/vehicule\/porsche-993-c2-cab\/#primaryimage","url":"https:\/\/slick-automotive.com\/wp-content\/uploads\/2025\/04\/DSC01047.jpg","contentUrl":"https:\/\/slick-automotive.com\/wp-content\/uploads\/2025\/04\/DSC01047.jpg","width":2048,"height":1280},{"@type":"BreadcrumbList","@id":"https:\/\/slick-automotive.com\/fr\/vehicule\/porsche-993-c2-cab\/#breadcrumb","itemListElement":[{"@type":"ListItem","position":1,"name":"Accueil","item":"https:\/\/slick-automotive.com\/fr\/"},{"@type":"ListItem","position":2,"name":"Listings","item":"https:\/\/slick-automotive.com\/fr\/vehicules\/"},{"@type":"ListItem","position":3,"name":"Porsche 993 C2"}]},{"@type":"WebSite","@id":"https:\/\/slick-automotive.com\/fr\/#website","url":"https:\/\/slick-automotive.com\/fr\/","name":"Slick Automotive","description":"","potentialAction":[{"@type":"SearchAction","target":{"@type":"EntryPoint","urlTemplate":"https:\/\/slick-automotive.com\/fr\/?s={search_term_string}"},"query-input":"required name=search_term_string"}],"inLanguage":"fr-FR"}]}},"_links":{"self":[{"href":"https:\/\/slick-automotive.com\/fr\/wp-json\/wp\/v2\/listing\/9831"}],"collection":[{"href":"https:\/\/slick-automotive.com\/fr\/wp-json\/wp\/v2\/listing"}],"about":[{"href":"https:\/\/slick-automotive.com\/fr\/wp-json\/wp\/v2\/types\/listing"}],"replies":[{"embeddable":true,"href":"https:\/\/slick-automotive.com\/fr\/wp-json\/wp\/v2\/comments?post=9831"}],"wp:featuredmedia":[{"embeddable":true,"href":"https:\/\/slick-automotive.com\/fr\/wp-json\/wp\/v2\/media\/9832"}],"wp:attachment":[{"href":"https:\/\/slick-automotive.com\/fr\/wp-json\/wp\/v2\/media?parent=9831"}],"wp:term":[{"taxonomy":"listing_condition","embeddable":true,"href":"https:\/\/slick-automotive.com\/fr\/wp-json\/wp\/v2\/listing_condition?post=9831"},{"taxonomy":"listing_label","embeddable":true,"href":"https:\/\/slick-automotive.com\/fr\/wp-json\/wp\/v2\/listing_label?post=9831"},{"taxonomy":"listing_category","embeddable":true,"href":"https:\/\/slick-automotive.com\/fr\/wp-json\/wp\/v2\/listing_category?post=9831"},{"taxonomy":"listing_type","embeddable":true,"href":"https:\/\/slick-automotive.com\/fr\/wp-json\/wp\/v2\/listing_type?post=9831"},{"taxonomy":"listing_make","embeddable":true,"href":"https:\/\/slick-automotive.com\/fr\/wp-json\/wp\/v2\/listing_make?post=9831"},{"taxonomy":"listing_model","embeddable":true,"href":"https:\/\/slick-automotive.com\/fr\/wp-json\/wp\/v2\/listing_model?post=9831"},{"taxonomy":"listing_offer_type","embeddable":true,"href":"https:\/\/slick-automotive.com\/fr\/wp-json\/wp\/v2\/listing_offer_type?post=9831"},{"taxonomy":"listing_drive_type","embeddable":true,"href":"https:\/\/slick-automotive.com\/fr\/wp-json\/wp\/v2\/listing_drive_type?post=9831"},{"taxonomy":"listing_transmission","embeddable":true,"href":"https:\/\/slick-automotive.com\/fr\/wp-json\/wp\/v2\/listing_transmission?post=9831"},{"taxonomy":"listing_fuel_type","embeddable":true,"href":"https:\/\/slick-automotive.com\/fr\/wp-json\/wp\/v2\/listing_fuel_type?post=9831"},{"taxonomy":"listing_cylinder","embeddable":true,"href":"https:\/\/slick-automotive.com\/fr\/wp-json\/wp\/v2\/listing_cylinder?post=9831"},{"taxonomy":"listing_color","embeddable":true,"href":"https:\/\/slick-automotive.com\/fr\/wp-json\/wp\/v2\/listing_color?post=9831"},{"taxonomy":"listing_door","embeddable":true,"href":"https:\/\/slick-automotive.com\/fr\/wp-json\/wp\/v2\/listing_door?post=9831"},{"taxonomy":"listing_feature_category","embeddable":true,"href":"https:\/\/slick-automotive.com\/fr\/wp-json\/wp\/v2\/listing_feature_category?post=9831"},{"taxonomy":"listing_feature","embeddable":true,"href":"https:\/\/slick-automotive.com\/fr\/wp-json\/wp\/v2\/listing_feature?post=9831"}],"curies":[{"name":"wp","href":"https:\/\/api.w.org\/{rel}","templated":true}]}}